{"id":1037,"date":"2021-04-16T15:03:56","date_gmt":"2021-04-16T13:03:56","guid":{"rendered":"http:\/\/www.abyssa.com\/abys2021\/?page_id=1037"},"modified":"2023-12-20T11:56:58","modified_gmt":"2023-12-20T10:56:58","slug":"ethique-environnement","status":"publish","type":"page","link":"https:\/\/www.abyssa.com\/fr\/abyssa\/ethique-environnement\/","title":{"rendered":"\u00c9thique &#038; environnement"},"content":{"rendered":"<div class=\"wpb-content-wrapper\"><p>[vc_row css=\u00a0\u00bb.vc_custom_1618578331827{margin-top: 0px !important;margin-bottom: 0px !important;border-bottom-width: 35px !important;}\u00a0\u00bb][vc_column]<div id=\"ultimate-heading-397669f487c2df223\" class=\"uvc-heading ult-adjust-bottom-margin ultimate-heading-397669f487c2df223 uvc-4581 \" data-hspacer=\"icon_only\"  data-halign=\"left\" style=\"text-align:left\"><div class=\"uvc-heading-spacer icon_only\" style=\"margin-bottom:20px;\"><div class=\"ult-just-icon-wrapper  \"><div class=\"align-icon\" style=\"text-align:left;\">\n<div class=\"aio-icon advanced \"  style=\"color:#697787;border-style:dashed;border-color:#697787;border-width:1px;width:45px;height:45px;line-height:45px;border-radius:500px;font-size:20px;\">\n\t<i class=\"icomoon-the7-font-the7-plus-04\"><\/i>\n<\/div><\/div><\/div><\/div><div class=\"uvc-main-heading ult-responsive\"  data-ultimate-target='.uvc-heading.ultimate-heading-397669f487c2df223 h2'  data-responsive-json-new='{\"font-size\":\"desktop:50px;\",\"line-height\":\"desktop:60px;\"}' ><h2 style=\"font-family:&#039;Exo 2&#039;;font-weight:200;margin-bottom:25px;\">ABYSSA, un comit\u00e9 scientifique et d\u2019\u00e9thique<\/h2><\/div><div class=\"uvc-sub-heading ult-responsive\"  data-ultimate-target='.uvc-heading.ultimate-heading-397669f487c2df223 .uvc-sub-heading '  data-responsive-json-new='{\"font-size\":\"desktop:22px;\",\"line-height\":\"desktop:32px;\"}'  style=\"font-family:&#039;Exo 2&#039;;font-weight:200;margin-bottom:35px;\">La mission de ABYSSA consiste \u00e0 d\u00e9velopper la connaissance des oc\u00e9ans au service du bien public (Scientifique, \u00c9conomique et Gouvernemental) en mettant \u00e0 sa disposition un outil d\u2019aide \u00e0 la d\u00e9cision. Il s\u2019agit en effet d\u2019\u00e9tablir, dans les grands fonds marins, les liens entre les ressources et les sensibilit\u00e9s environnementales.<\/div><\/div>[vc_column_text]Il reste \u00e9vident pour les sp\u00e9cialistes en oc\u00e9anographie que les lacunes de connaissances sont tr\u00e8s nombreuses, et ce pour toutes les caract\u00e9ristiques oc\u00e9anographiques et environnementales concern\u00e9es : g\u00e9osciences, qualit\u00e9 physico-chimique des eaux, hydrodynamique, ressources naturelles, biodiversit\u00e9, etc\u2026<\/p>\n<p>Ainsi, les donn\u00e9es recueillies lors des campagnes d\u2019exploration pourraient repr\u00e9senter des informations totalement in\u00e9dites sur les environnements oc\u00e9aniques profonds, dont l\u2019utilisation \u00e0 des fins scientifiques et \u00e9conomiques doit \u00eatre autoris\u00e9e et strictement r\u00e9gul\u00e9e. Les fondateurs de la soci\u00e9t\u00e9 ABYSSA sont en effet tr\u00e8s attach\u00e9s aux principes du d\u00e9veloppement durable, et visent un d\u00e9veloppement \u00e9conomique dans le respect des environnements naturels et soci\u00e9taux. Dans ce cadre, ils ont souhait\u00e9 \u00eatre assist\u00e9s par un comit\u00e9 scientifique et d\u2019\u00e9thique.[\/vc_column_text][\/vc_column][\/vc_row][vc_row full_width=\u00a0\u00bbstretch_row\u00a0\u00bb gap=\u00a0\u00bb35&Prime; equal_height=\u00a0\u00bbyes\u00a0\u00bb bg_type=\u00a0\u00bbbg_color\u00a0\u00bb bg_override=\u00a0\u00bbex-full\u00a0\u00bb bg_color_value=\u00a0\u00bb#37495f\u00a0\u00bb][vc_column width=\u00a0\u00bb1\/3&Prime;]<div id=\"ultimate-heading-328969f487c2df2f3\" class=\"uvc-heading ult-adjust-bottom-margin ultimate-heading-328969f487c2df2f3 uvc-9451 \" data-hspacer=\"no_spacer\"  data-halign=\"left\" style=\"text-align:left\"><div class=\"uvc-heading-spacer no_spacer\" style=\"top\"><\/div><div class=\"uvc-main-heading ult-responsive\"  data-ultimate-target='.uvc-heading.ultimate-heading-328969f487c2df2f3 h2'  data-responsive-json-new='{\"font-size\":\"desktop:35px;\",\"line-height\":\"desktop:45px;\"}' ><h2 style=\"font-family:&#039;Exo 2&#039;;font-weight:200;color:#f4f4f5;margin-bottom:25px;\">L\u2019objet du comit\u00e9 scientifique et d\u2019\u00e9thique<\/h2><\/div><div class=\"uvc-sub-heading ult-responsive\"  data-ultimate-target='.uvc-heading.ultimate-heading-328969f487c2df2f3 .uvc-sub-heading '  data-responsive-json-new='{\"font-size\":\"desktop:16px;\",\"line-height\":\"desktop:26px;\"}'  style=\"font-family:&#039;Exo 2&#039;;font-weight:200;color:#f4f4f5;\">Assister l\u2019ensemble des membres de l\u2019entreprise dans leurs r\u00e9flexions sur les conduites, attitudes et comportements \u00e0 avoir pour respecter les principes du d\u00e9veloppement durable dans toutes leurs activit\u00e9s commerciales, techniques et scientifiques.<\/div><\/div>[\/vc_column][vc_column width=\u00a0\u00bb2\/3&Prime; css=\u00a0\u00bb.vc_custom_1616079379776{padding: 45px !important;}\u00a0\u00bb][vc_column_text]<\/p>\n<p style=\"color: #f4f4f5;\"><strong>Ainsi, le comit\u00e9 scientifique et d\u2019\u00e9thique engage des r\u00e9flexions sur les questions suscit\u00e9es par la pratique des activit\u00e9s de l\u2019entreprise et li\u00e9es :<\/strong><\/p>\n<ol>\n<li style=\"color: #f4f4f5;\">Aux principes qui r\u00e9gissent les comportements individuels des membres de l\u2019entreprise et le fonctionnement de la gouvernance de l\u2019entreprise ;<\/li>\n<li style=\"color: #f4f4f5;\">\u00c0 la justification des campagnes d\u2019exploration et \u00e0 l\u2019exercice des diff\u00e9rents m\u00e9tiers mis en \u0153uvre lors de ces campagnes ;<\/li>\n<li style=\"color: #f4f4f5;\">Aux cons\u00e9quences soci\u00e9tales et environnementales du d\u00e9veloppement de ces activit\u00e9s et de leurs applications pratiques.<\/li>\n<\/ol>\n<p style=\"color: #f4f4f5;\">\u00c0 l\u2019issue de ces r\u00e9flexions, il appartient au comit\u00e9\u00a0scientifique et d\u2019\u00e9thique de formuler des recommandations relatives \u00e0 la d\u00e9finition, \u00e0 la justification et \u00e0 l\u2019application de r\u00e8gles correspondant \u00e0 l\u2019\u00e9thique et \u00e0 la d\u00e9ontologie des activit\u00e9s de ABYSSA. Ces recommandations sont transmises au Comit\u00e9 strat\u00e9gique.<\/p>\n<p>[\/vc_column_text][\/vc_column][\/vc_row][vc_row full_width=\u00a0\u00bbstretch_row\u00a0\u00bb][vc_column]<div id=\"ultimate-heading-389169f487c2df3e7\" class=\"uvc-heading ult-adjust-bottom-margin ultimate-heading-389169f487c2df3e7 uvc-5950 \" data-hspacer=\"icon_only\"  data-halign=\"center\" style=\"text-align:center\"><div class=\"uvc-heading-spacer icon_only\" style=\"margin-bottom:15px;\"><div class=\"ult-just-icon-wrapper  \"><div class=\"align-icon\" style=\"text-align:center;\">\n<div class=\"aio-icon none \"  style=\"font-size:28px;display:inline-block;\">\n\t<i class=\"icomoon-the7-font-the7-arrow-29-1\"><\/i>\n<\/div><\/div><\/div><\/div><div class=\"uvc-main-heading ult-responsive\"  data-ultimate-target='.uvc-heading.ultimate-heading-389169f487c2df3e7 h2'  data-responsive-json-new='{\"font-size\":\"desktop:35px;\",\"line-height\":\"desktop:45px;\"}' ><h2 style=\"font-family:&#039;Exo 2&#039;;font-weight:200;margin-bottom:25px;\">Les membres du comit\u00e9 scientifique et d\u2019\u00e9thique<\/h2><\/div><\/div>[vc_row_inner gap=\u00a0\u00bb25&Prime; css=\u00a0\u00bb.vc_custom_1618579574799{padding-right: 25px !important;padding-left: 25px !important;}\u00a0\u00bb][vc_column_inner width=\u00a0\u00bb1\/3&Prime;][vc_single_image image=\u00a0\u00bb2034&Prime; img_size=\u00a0\u00bbfull\u00a0\u00bb alignment=\u00a0\u00bbcenter\u00a0\u00bb style=\u00a0\u00bbvc_box_circle_2&Prime; image_hovers=\u00a0\u00bbfalse\u00a0\u00bb css=\u00a0\u00bb.vc_custom_1622039490655{margin-bottom: 15px !important;}\u00a0\u00bb]<div id=\"ultimate-heading-69769f487c2df468\" class=\"uvc-heading ult-adjust-bottom-margin ultimate-heading-69769f487c2df468 uvc-6485 \" data-hspacer=\"no_spacer\"  data-halign=\"center\" style=\"text-align:center\"><div class=\"uvc-heading-spacer no_spacer\" style=\"top\"><\/div><div class=\"uvc-main-heading ult-responsive\"  data-ultimate-target='.uvc-heading.ultimate-heading-69769f487c2df468 h3'  data-responsive-json-new='{\"font-size\":\"desktop:20px;\",\"line-height\":\"desktop:30px;\"}' ><h3 style=\"font-family:&#039;Exo 2&#039;;font-weight:500;margin-bottom:10px;\">Gilles BOEUF<\/h3><\/div><\/div><div class=\"ult_exp_section_layer ult-adjust-bottom-margin  \" >\n\t\t<div id=\"uvc-exp-wrap-4319\" role=\"button\" tabindex=\"0\" aria-pressed=\"false\"  data-ultimate-target='#uvc-exp-wrap-4319'  data-responsive-json-new='{\"font-size\":\"desktop:34px;\",\"line-height\":\"desktop:44px;\"}'  class=\"ult_exp_section  ult-responsive \" style=\"color:#051c37;background-color:rgba(5,28,55,0.01);font-family:Exo 2;font-weight:300; padding:10px;text-align:center;\" data-textcolor=\"#051c37\"data-texthover=\"#051c37\"data-icncolor=\"#333333\"data-ihover=\"#333333\"data-height=\"0\"data-cntbg=\"rgba(5,28,55,0.01)\"data-cnthvrbg=\"rgba(5,28,55,0.01)\"data-headerbg=\"rgba(5,28,55,0.01)\"data-headerhover=\"rgba(5,28,55,0.01)\"data-title=\"+\"data-newtitle=\"-\"data-icon=\"\"data-newicon=\"\"data-activeicon=\"#333333\"data-effect=\"slideToggle\"data-override=\"0\"data-activetitle=\"#051c37\"data-activebg=\"rgba(5,28,55,0.01)\"data-img=\"\"data-newimg=\"\"><div  class=\"ult_exp_section-main \">\n\t\t\t\t\t<div class=\"ult_expheader\" >+\n\t\t\t\t\t <\/div><\/div>\n\t\t\t\t<\/div><div class=\"ult_exp_content \" style=\"background-color:rgba(5,28,55,0.01);padding:20px; \"><div class=\"ult_ecpsub_cont\" style=\" \" >[vc_column_text]<\/p>\n<p style=\"font-size: 14px;\">Ancien Directeur de recherche \u00e0 l\u2019observatoire de Banyuls-sur-Mer, Professeur \u00e0 l\u2019Universit\u00e9 Pierre-et-Marie-Curie \u00e0 Paris, Ex-pr\u00e9sident du Mus\u00e9um national d\u2019histoire naturelle, Ex-Pr\u00e9sident du conseil scientifique de l\u2019Agence fran\u00e7aise pour la Biodiversit\u00e9.<\/p>\n<p>[\/vc_column_text]<\/div><\/div>\n\n\t\t\t<\/div>[\/vc_column_inner][vc_column_inner width=\u00a0\u00bb1\/3&Prime;][vc_single_image image=\u00a0\u00bb2036&Prime; img_size=\u00a0\u00bbfull\u00a0\u00bb alignment=\u00a0\u00bbcenter\u00a0\u00bb style=\u00a0\u00bbvc_box_circle_2&Prime; image_hovers=\u00a0\u00bbfalse\u00a0\u00bb css=\u00a0\u00bb.vc_custom_1622039530630{margin-bottom: 15px !important;}\u00a0\u00bb]<div id=\"ultimate-heading-468169f487c2df567\" class=\"uvc-heading ult-adjust-bottom-margin ultimate-heading-468169f487c2df567 uvc-3534 \" data-hspacer=\"no_spacer\"  data-halign=\"center\" style=\"text-align:center\"><div class=\"uvc-heading-spacer no_spacer\" style=\"top\"><\/div><div class=\"uvc-main-heading ult-responsive\"  data-ultimate-target='.uvc-heading.ultimate-heading-468169f487c2df567 h3'  data-responsive-json-new='{\"font-size\":\"desktop:20px;\",\"line-height\":\"desktop:30px;\"}' ><h3 style=\"font-family:&#039;Exo 2&#039;;font-weight:500;margin-bottom:10px;\">Catherine CHABAUD<\/h3><\/div><\/div><div class=\"ult_exp_section_layer ult-adjust-bottom-margin  \" >\n\t\t<div id=\"uvc-exp-wrap-9077\" role=\"button\" tabindex=\"0\" aria-pressed=\"false\"  data-ultimate-target='#uvc-exp-wrap-9077'  data-responsive-json-new='{\"font-size\":\"desktop:34px;\",\"line-height\":\"desktop:44px;\"}'  class=\"ult_exp_section  ult-responsive \" style=\"color:#051c37;background-color:rgba(5,28,55,0.01);font-family:Exo 2;font-weight:300; padding:10px;text-align:center;\" data-textcolor=\"#051c37\"data-texthover=\"#051c37\"data-icncolor=\"#333333\"data-ihover=\"#333333\"data-height=\"0\"data-cntbg=\"rgba(5,28,55,0.01)\"data-cnthvrbg=\"rgba(5,28,55,0.01)\"data-headerbg=\"rgba(5,28,55,0.01)\"data-headerhover=\"rgba(5,28,55,0.01)\"data-title=\"+\"data-newtitle=\"-\"data-icon=\"\"data-newicon=\"\"data-activeicon=\"#333333\"data-effect=\"slideToggle\"data-override=\"0\"data-activetitle=\"#051c37\"data-activebg=\"rgba(5,28,55,0.01)\"data-img=\"\"data-newimg=\"\"><div  class=\"ult_exp_section-main \">\n\t\t\t\t\t<div class=\"ult_expheader\" >+\n\t\t\t\t\t <\/div><\/div>\n\t\t\t\t<\/div><div class=\"ult_exp_content \" style=\"background-color:rgba(5,28,55,0.01);padding:20px; \"><div class=\"ult_ecpsub_cont\" style=\" \" >[vc_column_text]<\/p>\n<p style=\"font-size: 14px;\">D\u00e9put\u00e9e europ\u00e9enne, Journaliste et navigatrice, Cofondatrice de la plateforme Oc\u00e9an et Climat et de l\u2019initiative \u00ab Oc\u00e9an bien commun de l\u2019humanit\u00e9 \u00bb, Conseill\u00e8re \u00e9conomique social et environnement d\u00e9l\u00e9gu\u00e9e \u00e0 la mer et au littoral au sein du minist\u00e8re de l\u2019Environnement, de l&rsquo;\u00c9nergie et de la Mer.<\/p>\n<p>[\/vc_column_text]<\/div><\/div>\n\n\t\t\t<\/div>[\/vc_column_inner][vc_column_inner width=\u00a0\u00bb1\/3&Prime;][vc_single_image image=\u00a0\u00bb2038&Prime; img_size=\u00a0\u00bbfull\u00a0\u00bb alignment=\u00a0\u00bbcenter\u00a0\u00bb style=\u00a0\u00bbvc_box_circle_2&Prime; image_hovers=\u00a0\u00bbfalse\u00a0\u00bb css=\u00a0\u00bb.vc_custom_1622039564212{margin-bottom: 15px !important;}\u00a0\u00bb]<div id=\"ultimate-heading-646569f487c2df64c\" class=\"uvc-heading ult-adjust-bottom-margin ultimate-heading-646569f487c2df64c uvc-2867 \" data-hspacer=\"no_spacer\"  data-halign=\"center\" style=\"text-align:center\"><div class=\"uvc-heading-spacer no_spacer\" style=\"top\"><\/div><div class=\"uvc-main-heading ult-responsive\"  data-ultimate-target='.uvc-heading.ultimate-heading-646569f487c2df64c h3'  data-responsive-json-new='{\"font-size\":\"desktop:20px;\",\"line-height\":\"desktop:30px;\"}' ><h3 style=\"font-family:&#039;Exo 2&#039;;font-weight:500;margin-bottom:10px;\">Fran\u00e7oise GAILL<\/h3><\/div><\/div><div class=\"ult_exp_section_layer ult-adjust-bottom-margin  \" >\n\t\t<div id=\"uvc-exp-wrap-3968\" role=\"button\" tabindex=\"0\" aria-pressed=\"false\"  data-ultimate-target='#uvc-exp-wrap-3968'  data-responsive-json-new='{\"font-size\":\"desktop:34px;\",\"line-height\":\"desktop:44px;\"}'  class=\"ult_exp_section  ult-responsive \" style=\"color:#051c37;background-color:rgba(5,28,55,0.01);font-family:Exo 2;font-weight:300; padding:10px;text-align:center;\" data-textcolor=\"#051c37\"data-texthover=\"#051c37\"data-icncolor=\"#333333\"data-ihover=\"#333333\"data-height=\"0\"data-cntbg=\"rgba(5,28,55,0.01)\"data-cnthvrbg=\"rgba(5,28,55,0.01)\"data-headerbg=\"rgba(5,28,55,0.01)\"data-headerhover=\"rgba(5,28,55,0.01)\"data-title=\"+\"data-newtitle=\"-\"data-icon=\"\"data-newicon=\"\"data-activeicon=\"#333333\"data-effect=\"slideToggle\"data-override=\"0\"data-activetitle=\"#051c37\"data-activebg=\"rgba(5,28,55,0.01)\"data-img=\"\"data-newimg=\"\"><div  class=\"ult_exp_section-main \">\n\t\t\t\t\t<div class=\"ult_expheader\" >+\n\t\t\t\t\t <\/div><\/div>\n\t\t\t\t<\/div><div class=\"ult_exp_content \" style=\"background-color:rgba(5,28,55,0.01);padding:20px; \"><div class=\"ult_ecpsub_cont\" style=\" \" >[vc_column_text]<\/p>\n<p style=\"font-size: 14px;\">Docteure d\u2019\u00e9tat en biologie animale de Sorbonne Universit\u00e9 et du Mus\u00e9um nationale d\u2019histoire naturelle. C\u2019est une sp\u00e9cialiste des \u00e9cosyst\u00e8mes profonds ayant d\u00e9velopp\u00e9 des m\u00e9thodes biophysiques permettant de ramener vivantes des esp\u00e8ces profondes. Elle a r\u00e9alis\u00e9 de nombreuses campagnes oc\u00e9anographiques internationales avec des sous-marins habit\u00e9s ou t\u00e9l\u00e9op\u00e9r\u00e9s.<\/p>\n<p style=\"font-size: 14px;\">Apr\u00e8s avoir dirig\u00e9 le d\u00e9partement environnement et d\u00e9veloppement durable, elle a cr\u00e9\u00e9 l\u2019institut \u00e9cologie et environnement \u00e0 la direction du CNRS. Elle a pr\u00e9sid\u00e9 le comit\u00e9 recherche et innovation du Grenelle de la mer et le comit\u00e9 scientifique et technique de la flotte oc\u00e9anographique fran\u00e7aise. Elle est actuellement vice-pr\u00e9sidente de la plateforme oc\u00e9an et climat et pr\u00e9sidente du comit\u00e9 pour la recherche marine maritime et littorale du Conseil National de la Mer et des Littoraux.<\/p>\n<p>[\/vc_column_text]<\/div><\/div>\n\n\t\t\t<\/div>[\/vc_column_inner][\/vc_row_inner][vc_row_inner gap=\u00a0\u00bb25&Prime; css=\u00a0\u00bb.vc_custom_1618579574799{padding-right: 25px !important;padding-left: 25px !important;}\u00a0\u00bb][vc_column_inner width=\u00a0\u00bb1\/3&Prime;][vc_single_image image=\u00a0\u00bb2040&Prime; img_size=\u00a0\u00bbfull\u00a0\u00bb alignment=\u00a0\u00bbcenter\u00a0\u00bb style=\u00a0\u00bbvc_box_circle_2&Prime; image_hovers=\u00a0\u00bbfalse\u00a0\u00bb css=\u00a0\u00bb.vc_custom_1622039605704{margin-bottom: 15px !important;}\u00a0\u00bb]<div id=\"ultimate-heading-27369f487c2df72e\" class=\"uvc-heading ult-adjust-bottom-margin ultimate-heading-27369f487c2df72e uvc-6424 \" data-hspacer=\"no_spacer\"  data-halign=\"center\" style=\"text-align:center\"><div class=\"uvc-heading-spacer no_spacer\" style=\"top\"><\/div><div class=\"uvc-main-heading ult-responsive\"  data-ultimate-target='.uvc-heading.ultimate-heading-27369f487c2df72e h3'  data-responsive-json-new='{\"font-size\":\"desktop:20px;\",\"line-height\":\"desktop:30px;\"}' ><h3 style=\"font-family:&#039;Exo 2&#039;;font-weight:500;margin-bottom:10px;\">Elodie MARTINIE-COUSTY<\/h3><\/div><\/div><div class=\"ult_exp_section_layer ult-adjust-bottom-margin  \" >\n\t\t<div id=\"uvc-exp-wrap-9529\" role=\"button\" tabindex=\"0\" aria-pressed=\"false\"  data-ultimate-target='#uvc-exp-wrap-9529'  data-responsive-json-new='{\"font-size\":\"desktop:34px;\",\"line-height\":\"desktop:44px;\"}'  class=\"ult_exp_section  ult-responsive \" style=\"color:#051c37;background-color:rgba(5,28,55,0.01);font-family:Exo 2;font-weight:300; padding:10px;text-align:center;\" data-textcolor=\"#051c37\"data-texthover=\"#051c37\"data-icncolor=\"#333333\"data-ihover=\"#333333\"data-height=\"0\"data-cntbg=\"rgba(5,28,55,0.01)\"data-cnthvrbg=\"rgba(5,28,55,0.01)\"data-headerbg=\"rgba(5,28,55,0.01)\"data-headerhover=\"rgba(5,28,55,0.01)\"data-title=\"+\"data-newtitle=\"-\"data-icon=\"\"data-newicon=\"\"data-activeicon=\"#333333\"data-effect=\"slideToggle\"data-override=\"0\"data-activetitle=\"#051c37\"data-activebg=\"rgba(5,28,55,0.01)\"data-img=\"\"data-newimg=\"\"><div  class=\"ult_exp_section-main \">\n\t\t\t\t\t<div class=\"ult_expheader\" >+\n\t\t\t\t\t <\/div><\/div>\n\t\t\t\t<\/div><div class=\"ult_exp_content \" style=\"background-color:rgba(5,28,55,0.01);padding:20px; \"><div class=\"ult_ecpsub_cont\" style=\" \" >[vc_column_text]<\/p>\n<p style=\"font-size: 14px;\">Pilote du r\u00e9seau Oc\u00e9ans, mers et littoraux de France Nature Environnement, Membre du Conseil \u00e9conomique, social et environnemental (CESE) au titre de la protection de la nature et de l&rsquo;environnement, Repr\u00e9sentante des associations et fondations agissant dans le domaine de la protection de la nature et de l\u2019environnement.<\/p>\n<p>[\/vc_column_text]<\/div><\/div>\n\n\t\t\t<\/div>[\/vc_column_inner][vc_column_inner width=\u00a0\u00bb1\/3&Prime;][vc_single_image image=\u00a0\u00bb2823&Prime; img_size=\u00a0\u00bbfull\u00a0\u00bb alignment=\u00a0\u00bbcenter\u00a0\u00bb style=\u00a0\u00bbvc_box_circle_2&Prime; image_hovers=\u00a0\u00bbfalse\u00a0\u00bb css=\u00a0\u00bb.vc_custom_1703069147990{margin-bottom: 15px !important;}\u00a0\u00bb]<div id=\"ultimate-heading-901869f487c2df80f\" class=\"uvc-heading ult-adjust-bottom-margin ultimate-heading-901869f487c2df80f uvc-705 \" data-hspacer=\"no_spacer\"  data-halign=\"center\" style=\"text-align:center\"><div class=\"uvc-heading-spacer no_spacer\" style=\"top\"><\/div><div class=\"uvc-main-heading ult-responsive\"  data-ultimate-target='.uvc-heading.ultimate-heading-901869f487c2df80f h3'  data-responsive-json-new='{\"font-size\":\"desktop:20px;\",\"line-height\":\"desktop:30px;\"}' ><h3 style=\"font-family:&#039;Exo 2&#039;;font-weight:500;margin-bottom:10px;\">Annick GIRARDIN<\/h3><\/div><\/div><div class=\"ult_exp_section_layer ult-adjust-bottom-margin  \" >\n\t\t<div id=\"uvc-exp-wrap-3056\" role=\"button\" tabindex=\"0\" aria-pressed=\"false\"  data-ultimate-target='#uvc-exp-wrap-3056'  data-responsive-json-new='{\"font-size\":\"desktop:34px;\",\"line-height\":\"desktop:44px;\"}'  class=\"ult_exp_section  ult-responsive \" style=\"color:#051c37;background-color:rgba(5,28,55,0.01);font-family:Exo 2;font-weight:300; padding:10px;text-align:center;\" data-textcolor=\"#051c37\"data-texthover=\"#051c37\"data-icncolor=\"#333333\"data-ihover=\"#333333\"data-height=\"0\"data-cntbg=\"rgba(5,28,55,0.01)\"data-cnthvrbg=\"rgba(5,28,55,0.01)\"data-headerbg=\"rgba(5,28,55,0.01)\"data-headerhover=\"rgba(5,28,55,0.01)\"data-title=\"+\"data-newtitle=\"-\"data-icon=\"\"data-newicon=\"\"data-activeicon=\"#333333\"data-effect=\"slideToggle\"data-override=\"0\"data-activetitle=\"#051c37\"data-activebg=\"rgba(5,28,55,0.01)\"data-img=\"\"data-newimg=\"\"><div  class=\"ult_exp_section-main \">\n\t\t\t\t\t<div class=\"ult_expheader\" >+\n\t\t\t\t\t <\/div><\/div>\n\t\t\t\t<\/div><div class=\"ult_exp_content \" style=\"background-color:rgba(5,28,55,0.01);padding:20px; \"><div class=\"ult_ecpsub_cont\" style=\" \" >[vc_column_text]<\/p>\n<p style=\"font-size: 14px;\">Conseill\u00e8re d&rsquo;\u00e9ducation populaire et de jeunesse de formation, Annick Girardin est originaire de Saint-Pierre et Miquelon o\u00f9 elle occupe de nombreuses fonctions dans son administration avant de se lancer en politique avec un objectif : placer l\u2019Archipel nord-am\u00e9ricain sur le planisph\u00e8re. Apr\u00e8s avoir \u00e9t\u00e9 Conseill\u00e8re g\u00e9n\u00e9rale (de 2000 \u00e0 2006) puis territoriale (de 2006 \u00e0 2016) et municipale de Saint-Pierre (de 2001 \u00e0 2008), Annick Girardin est \u00e9lue d\u00e9put\u00e9e de l\u2019Archipel en 2007 (et ce jusqu\u2019en 2022). Son premier grand combat est l\u2019extension du plateau continental de Saint-Pierre et Miquelon. Cette victoire pousse Fran\u00e7ois Hollande \u00e0 la nommer au Gouvernement en tant que Secr\u00e9taire d&rsquo;\u00c9tat au D\u00e9veloppement et \u00e0 la Francophonie (2014-16). Elle se d\u00e9m\u00e8ne durant la crise Ebola en Afrique et travaille en faveur de la COP21. Elle est par ailleurs nomm\u00e9e repr\u00e9sentante personnelle du pr\u00e9sident de la R\u00e9publique pour la francophonie (2014-16). Par la suite, elle devient Ministre de la Fonction publique (2016-17).<\/p>\n<p style=\"font-size: 14px;\">\u00c9lu pr\u00e9sident de la R\u00e9publique, Emmanuel Macron la nomme Ministre des Outre-mer (2017-20) o\u00f9 elle m\u00e8ne l\u2019aide \u00e0 la suite du passage de l\u2019ouragan Irma, o\u00f9 elle maintient le dialogue durant la crise des gilets jaunes et o\u00f9 elle g\u00e8re la crise COVID au sein des territoires ultramarins. Elle devient enfin Ministre de la Mer en 2020 (jusqu\u2019en 2022), une \u00e9vidence pour cette fille de p\u00eacheur qui sera, notamment, aux c\u00f4t\u00e9s des p\u00eacheurs suite au Brexit et qui d\u00e9fendra l\u2019exploration et la connaissance des grands fonds marins durant le One Ocean Summit. Annick Girardin est \u00e9lue S\u00e9natrice de Saint-Pierre et Miquelon en 2023 et est vice-pr\u00e9sidente de la d\u00e9l\u00e9gation s\u00e9natoriale aux outre-mer.<\/p>\n<p>[\/vc_column_text]<\/div><\/div>\n\n\t\t\t<\/div>[\/vc_column_inner][vc_column_inner width=\u00a0\u00bb1\/3&Prime;][vc_single_image image=\u00a0\u00bb2820&Prime; img_size=\u00a0\u00bbfull\u00a0\u00bb alignment=\u00a0\u00bbcenter\u00a0\u00bb style=\u00a0\u00bbvc_box_circle_2&Prime; image_hovers=\u00a0\u00bbfalse\u00a0\u00bb css=\u00a0\u00bb.vc_custom_1703069039137{margin-bottom: 15px !important;}\u00a0\u00bb]<div id=\"ultimate-heading-34169f487c2df90a\" class=\"uvc-heading ult-adjust-bottom-margin ultimate-heading-34169f487c2df90a uvc-9910 \" data-hspacer=\"no_spacer\"  data-halign=\"center\" style=\"text-align:center\"><div class=\"uvc-heading-spacer no_spacer\" style=\"top\"><\/div><div class=\"uvc-main-heading ult-responsive\"  data-ultimate-target='.uvc-heading.ultimate-heading-34169f487c2df90a h3'  data-responsive-json-new='{\"font-size\":\"desktop:20px;\",\"line-height\":\"desktop:30px;\"}' ><h3 style=\"font-family:&#039;Exo 2&#039;;font-weight:500;margin-bottom:10px;\">Fr\u00e9d\u00e9ric RENAUDEAU, Contre-amiral (2S)<\/h3><\/div><\/div><div class=\"ult_exp_section_layer ult-adjust-bottom-margin  \" >\n\t\t<div id=\"uvc-exp-wrap-5990\" role=\"button\" tabindex=\"0\" aria-pressed=\"false\"  data-ultimate-target='#uvc-exp-wrap-5990'  data-responsive-json-new='{\"font-size\":\"desktop:34px;\",\"line-height\":\"desktop:44px;\"}'  class=\"ult_exp_section  ult-responsive \" style=\"color:#051c37;background-color:rgba(5,28,55,0.01);font-family:Exo 2;font-weight:300; padding:10px;text-align:center;\" data-textcolor=\"#051c37\"data-texthover=\"#051c37\"data-icncolor=\"#333333\"data-ihover=\"#333333\"data-height=\"0\"data-cntbg=\"rgba(5,28,55,0.01)\"data-cnthvrbg=\"rgba(5,28,55,0.01)\"data-headerbg=\"rgba(5,28,55,0.01)\"data-headerhover=\"rgba(5,28,55,0.01)\"data-title=\"+\"data-newtitle=\"-\"data-icon=\"\"data-newicon=\"\"data-activeicon=\"#333333\"data-effect=\"slideToggle\"data-override=\"0\"data-activetitle=\"#051c37\"data-activebg=\"rgba(5,28,55,0.01)\"data-img=\"\"data-newimg=\"\"><div  class=\"ult_exp_section-main \">\n\t\t\t\t\t<div class=\"ult_expheader\" >+\n\t\t\t\t\t <\/div><\/div>\n\t\t\t\t<\/div><div class=\"ult_exp_content \" style=\"background-color:rgba(5,28,55,0.01);padding:20px; \"><div class=\"ult_ecpsub_cont\" style=\" \" >[vc_column_text]<\/p>\n<p style=\"font-size: 14px;\">Conseiller D\u00e9fense, Strat\u00e9gie et Fonds Marins, France 2030 au P\u00f4le Mer Bretagne Atlantique<br \/>\nPr\u00e9sident de CELADON SEA TEST BASE<br \/>\nAncien commandant de sous-marin nucl\u00e9aire lanceur d\u2019engins, de sous-marin nucl\u00e9aire d\u2019attaque et de navires de surface.<br \/>\nExpertise en d\u00e9tection sous-marine, oc\u00e9anographie et lutte sous la mer ainsi qu\u2019en \u00e9nergie nucl\u00e9aire.<br \/>\nLe P\u00f4le Mer Bretagne Atlantique, p\u00f4le de comp\u00e9titivit\u00e9 d\u00e9di\u00e9 \u00e0 l\u2019innovation maritime, f\u00e9d\u00e8re un \u00e9cosyst\u00e8me de plus de 430 adh\u00e9rents, dont 73% de PME\/ETI, qu\u2019il accompagne sur des projets d\u2019innovations technologiques et plus, g\u00e9n\u00e9ralement, de d\u00e9veloppement de l\u2019\u00e9conomie bleue.<\/p>\n<p>[\/vc_column_text]<\/div><\/div>\n\n\t\t\t<\/div>[\/vc_column_inner][\/vc_row_inner][\/vc_column][\/vc_row]<\/p>\n<\/div>","protected":false},"excerpt":{"rendered":"<p>[vc_row css=\u00a0\u00bb.vc_custom_1618578331827{margin-top: 0px !important;margin-bottom: 0px !important;border-bottom-width: 35px !important;}\u00a0\u00bb][vc_column][vc_column_text]Il reste \u00e9vident pour les sp\u00e9cialistes en oc\u00e9anographie que les lacunes de connaissances sont tr\u00e8s nombreuses, et ce pour toutes les caract\u00e9ristiques oc\u00e9anographiques et environnementales concern\u00e9es : g\u00e9osciences, qualit\u00e9 physico-chimique des eaux, hydrodynamique, ressources naturelles, biodiversit\u00e9, etc\u2026 Ainsi, les donn\u00e9es recueillies lors des campagnes d\u2019exploration pourraient repr\u00e9senter des&hellip;<\/p>\n","protected":false},"author":1,"featured_media":0,"parent":227,"menu_order":4,"comment_status":"closed","ping_status":"closed","template":"","meta":{"footnotes":""},"class_list":["post-1037","page","type-page","status-publish","hentry","description-off"],"yoast_head":"<!-- This site is optimized with the Yoast SEO plugin v26.7 - https:\/\/yoast.com\/wordpress\/plugins\/seo\/ -->\n<title>\u00c9thique &amp; environnement - Abyssa<\/title>\n<meta name=\"description\" content=\"ABYSSA : un comit\u00e9 d&#039;\u00e9thique pour accompagner la compagnie autour du d\u00e9veloppement durable dans ses activit\u00e9s d&#039;exploration des grands fonds.\" \/>\n<meta name=\"robots\" content=\"index, follow, max-snippet:-1, max-image-preview:large, max-video-preview:-1\" \/>\n<link rel=\"canonical\" href=\"https:\/\/www.abyssa.com\/fr\/abyssa\/ethique-environnement\/\" \/>\n<meta property=\"og:locale\" content=\"fr_FR\" \/>\n<meta property=\"og:type\" content=\"article\" \/>\n<meta property=\"og:title\" content=\"\u00c9thique &amp; environnement - Abyssa\" \/>\n<meta property=\"og:description\" content=\"ABYSSA : un comit\u00e9 d&#039;\u00e9thique pour accompagner la compagnie autour du d\u00e9veloppement durable dans ses activit\u00e9s d&#039;exploration des grands fonds.\" \/>\n<meta property=\"og:url\" content=\"https:\/\/www.abyssa.com\/fr\/abyssa\/ethique-environnement\/\" \/>\n<meta property=\"og:site_name\" content=\"Abyssa\" \/>\n<meta property=\"article:modified_time\" content=\"2023-12-20T10:56:58+00:00\" \/>\n<meta name=\"twitter:card\" content=\"summary_large_image\" \/>\n<meta name=\"twitter:label1\" content=\"Dur\u00e9e de lecture estim\u00e9e\" \/>\n\t<meta name=\"twitter:data1\" content=\"7 minutes\" \/>\n<script type=\"application\/ld+json\" class=\"yoast-schema-graph\">{\"@context\":\"https:\/\/schema.org\",\"@graph\":[{\"@type\":\"WebPage\",\"@id\":\"https:\/\/www.abyssa.com\/fr\/abyssa\/ethique-environnement\/\",\"url\":\"https:\/\/www.abyssa.com\/fr\/abyssa\/ethique-environnement\/\",\"name\":\"\u00c9thique & environnement - Abyssa\",\"isPartOf\":{\"@id\":\"https:\/\/www.abyssa.com\/fr\/#website\"},\"datePublished\":\"2021-04-16T13:03:56+00:00\",\"dateModified\":\"2023-12-20T10:56:58+00:00\",\"description\":\"ABYSSA : un comit\u00e9 d'\u00e9thique pour accompagner la compagnie autour du d\u00e9veloppement durable dans ses activit\u00e9s d'exploration des grands fonds.\",\"breadcrumb\":{\"@id\":\"https:\/\/www.abyssa.com\/fr\/abyssa\/ethique-environnement\/#breadcrumb\"},\"inLanguage\":\"fr-FR\",\"potentialAction\":[{\"@type\":\"ReadAction\",\"target\":[\"https:\/\/www.abyssa.com\/fr\/abyssa\/ethique-environnement\/\"]}]},{\"@type\":\"BreadcrumbList\",\"@id\":\"https:\/\/www.abyssa.com\/fr\/abyssa\/ethique-environnement\/#breadcrumb\",\"itemListElement\":[{\"@type\":\"ListItem\",\"position\":1,\"name\":\"Accueil\",\"item\":\"https:\/\/www.abyssa.com\/fr\/\"},{\"@type\":\"ListItem\",\"position\":2,\"name\":\"ABYSSA\",\"item\":\"https:\/\/www.abyssa.com\/fr\/abyssa\/\"},{\"@type\":\"ListItem\",\"position\":3,\"name\":\"\u00c9thique &#038; environnement\"}]},{\"@type\":\"WebSite\",\"@id\":\"https:\/\/www.abyssa.com\/fr\/#website\",\"url\":\"https:\/\/www.abyssa.com\/fr\/\",\"name\":\"Abyssa\",\"description\":\"Soci\u00e9t\u00e9 fran\u00e7aise d&#039;exploration des grands fonds marins\",\"potentialAction\":[{\"@type\":\"SearchAction\",\"target\":{\"@type\":\"EntryPoint\",\"urlTemplate\":\"https:\/\/www.abyssa.com\/fr\/?s={search_term_string}\"},\"query-input\":{\"@type\":\"PropertyValueSpecification\",\"valueRequired\":true,\"valueName\":\"search_term_string\"}}],\"inLanguage\":\"fr-FR\"}]}<\/script>\n<!-- \/ Yoast SEO plugin. -->","yoast_head_json":{"title":"\u00c9thique & environnement - Abyssa","description":"ABYSSA : un comit\u00e9 d'\u00e9thique pour accompagner la compagnie autour du d\u00e9veloppement durable dans ses activit\u00e9s d'exploration des grands fonds.","robots":{"index":"index","follow":"follow","max-snippet":"max-snippet:-1","max-image-preview":"max-image-preview:large","max-video-preview":"max-video-preview:-1"},"canonical":"https:\/\/www.abyssa.com\/fr\/abyssa\/ethique-environnement\/","og_locale":"fr_FR","og_type":"article","og_title":"\u00c9thique & environnement - Abyssa","og_description":"ABYSSA : un comit\u00e9 d'\u00e9thique pour accompagner la compagnie autour du d\u00e9veloppement durable dans ses activit\u00e9s d'exploration des grands fonds.","og_url":"https:\/\/www.abyssa.com\/fr\/abyssa\/ethique-environnement\/","og_site_name":"Abyssa","article_modified_time":"2023-12-20T10:56:58+00:00","twitter_card":"summary_large_image","twitter_misc":{"Dur\u00e9e de lecture estim\u00e9e":"7 minutes"},"schema":{"@context":"https:\/\/schema.org","@graph":[{"@type":"WebPage","@id":"https:\/\/www.abyssa.com\/fr\/abyssa\/ethique-environnement\/","url":"https:\/\/www.abyssa.com\/fr\/abyssa\/ethique-environnement\/","name":"\u00c9thique & environnement - Abyssa","isPartOf":{"@id":"https:\/\/www.abyssa.com\/fr\/#website"},"datePublished":"2021-04-16T13:03:56+00:00","dateModified":"2023-12-20T10:56:58+00:00","description":"ABYSSA : un comit\u00e9 d'\u00e9thique pour accompagner la compagnie autour du d\u00e9veloppement durable dans ses activit\u00e9s d'exploration des grands fonds.","breadcrumb":{"@id":"https:\/\/www.abyssa.com\/fr\/abyssa\/ethique-environnement\/#breadcrumb"},"inLanguage":"fr-FR","potentialAction":[{"@type":"ReadAction","target":["https:\/\/www.abyssa.com\/fr\/abyssa\/ethique-environnement\/"]}]},{"@type":"BreadcrumbList","@id":"https:\/\/www.abyssa.com\/fr\/abyssa\/ethique-environnement\/#breadcrumb","itemListElement":[{"@type":"ListItem","position":1,"name":"Accueil","item":"https:\/\/www.abyssa.com\/fr\/"},{"@type":"ListItem","position":2,"name":"ABYSSA","item":"https:\/\/www.abyssa.com\/fr\/abyssa\/"},{"@type":"ListItem","position":3,"name":"\u00c9thique &#038; environnement"}]},{"@type":"WebSite","@id":"https:\/\/www.abyssa.com\/fr\/#website","url":"https:\/\/www.abyssa.com\/fr\/","name":"Abyssa","description":"Soci\u00e9t\u00e9 fran\u00e7aise d&#039;exploration des grands fonds marins","potentialAction":[{"@type":"SearchAction","target":{"@type":"EntryPoint","urlTemplate":"https:\/\/www.abyssa.com\/fr\/?s={search_term_string}"},"query-input":{"@type":"PropertyValueSpecification","valueRequired":true,"valueName":"search_term_string"}}],"inLanguage":"fr-FR"}]}},"_links":{"self":[{"href":"https:\/\/www.abyssa.com\/fr\/wp-json\/wp\/v2\/pages\/1037","targetHints":{"allow":["GET"]}}],"collection":[{"href":"https:\/\/www.abyssa.com\/fr\/wp-json\/wp\/v2\/pages"}],"about":[{"href":"https:\/\/www.abyssa.com\/fr\/wp-json\/wp\/v2\/types\/page"}],"author":[{"embeddable":true,"href":"https:\/\/www.abyssa.com\/fr\/wp-json\/wp\/v2\/users\/1"}],"replies":[{"embeddable":true,"href":"https:\/\/www.abyssa.com\/fr\/wp-json\/wp\/v2\/comments?post=1037"}],"version-history":[{"count":2,"href":"https:\/\/www.abyssa.com\/fr\/wp-json\/wp\/v2\/pages\/1037\/revisions"}],"predecessor-version":[{"id":2825,"href":"https:\/\/www.abyssa.com\/fr\/wp-json\/wp\/v2\/pages\/1037\/revisions\/2825"}],"up":[{"embeddable":true,"href":"https:\/\/www.abyssa.com\/fr\/wp-json\/wp\/v2\/pages\/227"}],"wp:attachment":[{"href":"https:\/\/www.abyssa.com\/fr\/wp-json\/wp\/v2\/media?parent=1037"}],"curies":[{"name":"wp","href":"https:\/\/api.w.org\/{rel}","templated":true}]}}